{"id":469,"date":"2019-06-19T11:20:50","date_gmt":"2019-06-19T09:20:50","guid":{"rendered":"http:\/\/www.convencio.at\/wordpress\/?page_id=469"},"modified":"2019-11-19T11:28:52","modified_gmt":"2019-11-19T10:28:52","slug":"datenschutz","status":"publish","type":"page","link":"https:\/\/www.convencio.at\/wordpress\/datenschutz\/","title":{"rendered":"Datenschutz"},"content":{"rendered":"<p><strong>Datenschutzerkl\u00e4rung<\/strong><\/p>\n<p><strong>Datenschutz<br \/>\n<\/strong>In dieser Datenschutzerkl\u00e4rung finden Sie Informationen \u00fcber die Art, den Umfang und die Zwecke der Datenverarbeitung (vgl. Art 13, 14 und 21 der Datenschutz-Grundverordnung [EU] 2016\/679 [DSGVO]).<\/p>\n<p>Dies betrifft personenbezogene Daten der Besucher, Nutzer, Interessenten, Kunden und Vertragspartner von Convencio Group KG, Unterauerstra\u00dfe 1, 3370 Ybbs \/ Donau einschlie\u00dflich den von der Versicherungsagentur akquirierten und\/oder betreuten Kunden des betreffenden Versicherungsunternehmens.<\/p>\n<p>Wenn im Folgenden von dem \u201eUnternehmen\u201c die Rede ist, ist der\/die Versicherungs-agent(in) gemeint, soweit er\/sie datenschutzrechtlich verantwortlich ist, beispielsweise falls er\/sie Daten in seinem\/ihrem eigenen System verarbeitet.<\/p>\n<p>Diese Datenschutzerkl\u00e4rung gilt aber auch f\u00fcr jeden Subagenten der Versicherungsagentur, sofern ein solcher beauftragt ist und sofern dieser die vorliegende Datenschutzerkl\u00e4rung verwendet. Unter dem \u201eUnternehmen\u201c ist dann der Subagent zu verstehen.<\/p>\n<p>Unter den \u201ebetroffene[n] Person[en]\u201c sind die genannten Besucher, Nutzer, Interessenten, Kunden und Vertragspartner zu verstehen.<\/p>\n<p>&nbsp;<\/p>\n<p><strong>(a) Allgemeines<\/strong><\/p>\n<p>Das Unternehmen erhebt personenbezogene Daten, wenn betroffene Personen diese im Rahmen eines Besuchs durch das Unternehmen vor Ort, durch Nutzung einer Website, im Rahmen einer Anfrage oder bei einer (sonstigen) Kontaktaufnahme (z.B. per Kontaktformular oder E-Mail) mitteilen. Welche Daten erhoben werden, ist aus der jeweiligen Kontaktaufnahme, Formularen, Abfragen durch das Unternehmen etc. ersichtlich.<\/p>\n<p>&nbsp;<\/p>\n<p><strong>(b) Name und Kontaktdaten des Verantwortlichen<\/strong><\/p>\n<p>Convencio Group KG<br \/>\nTel.: +43 7412 53050.<br \/>\nE-Mail: <a href=\"mailto:office.convencio@uniqa.at\">office.convencio@uniqa.at<\/a><\/p>\n<p>Ein Datenschutzbeauftragter ist im Unternehmen nicht bestellt.<\/p>\n<p>&nbsp;<\/p>\n<p><strong>(c) Betroffene Personen, Verarbeitungszwecke und Rechtsgrundlagen<\/strong><\/p>\n<p>Die personenbezogenen Daten der folgenden betroffenen Personen werden zu folgenden Zwecken verarbeitet:<\/p>\n<ol>\n<li>(Potentielle) Interessenten und Kunden (wenn es sich um nat\u00fcrliche Personen handelt)<br \/>\nKontaktaufnahme mit den (potentiellen) Interessenten\/Kunden, Beratung und Vermittlung, Weiterleitung der Daten an Versicherungsunternehmen und Leasinggesellschaften, Zusendung von Angeboten und weiterf\u00fchrenden Informationen, Einladungen zu Veranstaltungen, Versand von Newslettern etc.; Rechnungswesen und Provisions\u00fcberpr\u00fcfung sowie automationsunterst\u00fctzt erstellte und archivierte Textdokumente (wie Korrespondenz) in diesen Angelegenheiten.<\/li>\n<\/ol>\n<p>&nbsp;<\/p>\n<ol start=\"2\">\n<li>Bewerber und Mitarbeiter<br \/>\nBetreffend Bewerber: allf\u00e4lliger Abschluss eines Arbeitsvertrags; betreffend Mitarbeiter: Anmeldung zur Sozialversicherung, Lohn-, Gehalts-, Entgeltsverrechnung und Einhaltung von Aufzeichnungs-, Auskunfts- und Meldepflichten, soweit dies auf Grund von Gesetzen oder Normen kollektiver Rechtsgestaltung oder arbeitsvertraglicher Verpflichtungen jeweils erforderlich ist, einschlie\u00dflich automations-unterst\u00fctzt erstellter und archivierter Textdokumente (wie zB Korrespondenz) in diesen Angelegenheiten.<\/li>\n<\/ol>\n<p>&nbsp;<\/p>\n<ol start=\"3\">\n<li>Vertragspartner, wenn nat\u00fcrliche Personen (z.B. Hauptagent)<br \/>\nLaufende Zusammenarbeit zur Akquise und Betreuung der Interessenten\/Kunden und zur Vermittlung von Gesch\u00e4ftsabschl\u00fcssen. Unterst\u00fctzung bei der Abwicklung von Schadensf\u00e4llen, Einholung von Informationen im Zuge der Beratung.<\/li>\n<\/ol>\n<p>&nbsp;<\/p>\n<ol start=\"4\">\n<li>Ansprechpartner bei (potentiellen) Interessenten, Kunden (wenn jeweils juristische Personen), Versicherungsunternehmen und Leasinggesellschaften.<br \/>\nZum Zweck der Verarbeitung betreffend die Ansprechpartner bei (potentiellen) Interessenten und Kunden siehe Punkt 1, betreffend die Versicherungsunternehmen und Leasinggesellschaften siehe Punkt 3<\/li>\n<\/ol>\n<p>5. Sonstige Beteiligte (versicherte Personen, Beg\u00fcnstigte, Gesch\u00e4digte etc.) wenn nat\u00fcrliche Personen (bzw. Ansprechpartner wenn juristische Personen)<\/p>\n<p>&nbsp;<\/p>\n<p>&nbsp;<\/p>\n<p><strong>Beratung, Akquise und Betreuung der Interessenten\/Kunden und Abwicklung von Versicherungs- und Schadensf\u00e4llen.<\/strong><\/p>\n<p>Rechtsgrundlagen f\u00fcr die Verarbeitung sind<\/p>\n<ul>\n<li>die Vertragserf\u00fcllung<\/li>\n<\/ul>\n<p>&#8211; des mit der betroffenen Person abgeschlossenen Vertrags (siehe oben),<br \/>\n&#8211; auch wenn der Vertrag mit einer juristischen Person abgeschlossen wird, zu dessen Erf\u00fcllung auch die Verarbeitung von personenbezogenen Daten erforderlich ist (z.B. Ansprechpartner).<br \/>\n&#8211; Dasselbe gilt f\u00fcr Beteiligte (versicherte Personen, Beg\u00fcnstigte, Gesch\u00e4digte etc.): die Rechtsgrundlage ist auch hier die Erf\u00fcllung des Agenturvertrags und des jeweiligen Versicherungsvertrags. Im Rahmen der Abwicklung eines Versicherungs- bzw. Schadensfalls berufen wir uns auch auf eine (allenfalls konkludente) Einwilligung des Beteiligten.<\/p>\n<ul>\n<li>die vorvertraglichen Ma\u00dfnahmen auf Anfrage der betroffenen Person,<\/li>\n<li>sofern keine Gesundheitsdaten und keine sonstigen, sensiblen Daten betroffen sind, das berechtigte Interesse des Unternehmens,<\/li>\n<li>die Erf\u00fcllung einer rechtlichen Pflicht sowie<\/li>\n<li>eine Einwilligung.<\/li>\n<\/ul>\n<p>Detaillierte Darstellung des berechtigten Interesses, der Erf\u00fcllung gesetzlicher Pflichten und der Einwilligung:<\/p>\n<p>In den folgenden F\u00e4llen st\u00fctzen wir uns auf das berechtigte Interesse:<\/p>\n<ul>\n<li>bei der Anbahnung von Gesch\u00e4ftsabschl\u00fcssen auf Initiative des Unternehmens,<\/li>\n<li>hinsichtlich der Dokumentation der Gesch\u00e4ftsf\u00e4lle,<\/li>\n<li>f\u00fcr die hinreichende Information von Kunden \u00fcber die vom Unternehmen angebotenen bzw. vermittelten Produkte und Dienstleistungen, Veranstaltungen, Aktionen etc, d.h. der Werbung. Dies umfasst auch, dass die Daten zu diesem Zweck an Auftragsverarbeiter \u00fcbermittelt werden, falls dies f\u00fcr die Durchf\u00fchrung dieser oder anderer Marketingma\u00dfnahmen, statistische Auswertungen etc. erforderlich ist,<\/li>\n<li>f\u00fcr die Einholung von Bonit\u00e4tsausk\u00fcnften,<\/li>\n<li>f\u00fcr die sonstige Verarbeitung durch Auftragsverarbeiter (z.B. IT-Service) und<\/li>\n<li>f\u00fcr die Verhinderung von Betrugsf\u00e4llen.<\/li>\n<\/ul>\n<p>&nbsp;<\/p>\n<p>In den folgenden F\u00e4llen ist die Rechtsgrundlage die Erf\u00fcllung einer gesetzlichen Pflicht:<\/p>\n<ul>\n<li>Erf\u00fcllung gesetzlicher Dokumentations- und \u00dcbermittlungspflichten, insb. auf dem Gebiet des Arbeits- und Sozialrechts und des Steuer- und Abgabenwesens;- Erf\u00fcllung allf\u00e4lliger Meldepflichten gegen\u00fcber den Interessenten, Kunden und Beh\u00f6rden im Falle einer Verletzung des Datenschutzes.<\/li>\n<\/ul>\n<p>In den folgenden F\u00e4llen ist die Rechtsgrundlage der Verarbeitung die Einwilligungserkl\u00e4rung der betroffenen Person:<\/p>\n<ul>\n<li>F\u00fcr die Verarbeitung sensibler Daten, insb. von Gesundheitsheitsdaten<\/li>\n<li>Betreffend versicherte Personen, Beg\u00fcnstigte, Gesch\u00e4digte etc.: f\u00fcr die Verarbeitung zum Zwecke des Vertragsschlusses und zur Abwicklung eines Versicherungs- bzw. Schadensfalls berufen wir uns auch auf eine (allenfalls konkludente) Einwilligung des Beteiligten.<\/li>\n<li>Bei Anmeldung zu einem Newsletter stimmt die betroffene Person zu, dass die hierf\u00fcr erforderlichen oder gesondert von der betroffenen Person mitgeteilten Daten zur regelm\u00e4\u00dfigen Zusendung von E-Mail-Newslettern verwendet werden.<\/li>\n<li>Bei der Ver\u00f6ffentlichung von Postings auf der Facebook-Seite des Unternehmens stimmt die betroffene Person zu, dass die Postings durch das Unternehmen, z.B. auf einer sogenannten \u201eSocial Wall\u201c ver\u00f6ffentlicht werden d\u00fcrfen.<\/li>\n<li>Die Aufnahme in eine Teilnehmerliste bei Veranstaltungen und Pr\u00e4sentationen nebst deren Aush\u00e4ndigung an die Teilnehmer und die weitere Verarbeitung der darin angegebenen Daten st\u00fctzt sich ebenso auf die darin liegende Einwilligung der betreffenden Personen.<\/li>\n<\/ul>\n<p>&nbsp;<\/p>\n<p>Diese Einwilligung kann (auch einzeln) jederzeit durch Nachricht an die oben unter lit (b) beschriebene Kontaktm\u00f6glichkeit, bei Online-Anmeldung ebenso online widerrufen werden. Durch den Widerruf wird die bis dahin erfolgte Verarbeitung nicht unzul\u00e4ssig (keine R\u00fcckwirkung des Widerrufs).<\/p>\n<p>Da die Verarbeitung wie dargelegt auch auf das berechtigte Interesse des Unternehmens gest\u00fctzt wird, steht der betroffenen Person insofern das Recht auf Widerspruch nach Art 21 DSGVO zu. Dazu verweisen wir auf die gesonderte Aufkl\u00e4rung am Ende dieser Datenschutzerkl\u00e4rung.<\/p>\n<p>&nbsp;<\/p>\n<p><strong>(d) Erforderlichkeit<\/strong><\/p>\n<p>F\u00fcr die Beratung und die Vermittlung bzw. den Abschluss einer Lebens- oder Krankenversicherung ist die Bereitstellung sensibler Daten (Gesundheitsdaten wie z.B. die Krankengeschichte etc). erforderlich. Dasselbe gilt f\u00fcr die Abwicklung von Versicherungs- und Schadensf\u00e4llen. Die mangelnde Bereitstellung h\u00e4tte zur Folge, dass betreffend einen Lebens- oder Krankenversicherungsvertrag nicht beraten werden k\u00f6nnte und ein solcher nicht vermittelt oder abgeschlossen werden k\u00f6nnte.<\/p>\n<p>F\u00fcr die Beratung, Vermittlung und Abschluss von Produkten, mit denen eine Person versichert und\/oder beg\u00fcnstigt werden soll, ist die Verarbeitung personenbezogener Daten des Versicherten bzw. des Beg\u00fcnstigten zum Zwecke des Vertragsschlusses und zur Abwicklung eines Versicherungs- bzw. Schadensfalls erforderlich. Dasselbe gilt f\u00fcr personenbezogene Daten eines Gesch\u00e4digten. Diesbez\u00fcglich berufen wir uns auch auf eine (allenfalls konkludente) Einwilligung des Beteiligten.<\/p>\n<p>F\u00fcr die Anmeldung zu einem Newsletter ist die Bereitstellung der personenbezogenen Daten an das Unternehmen f\u00fcr die Zusendung des Newsletters erforderlich. Die Nichtbereitstellung h\u00e4tte zur Folge, dass der Newsletter nicht zugesendet werden k\u00f6nnte. Auf das T\u00e4tigwerden des Unternehmens sowie auf eine sp\u00e4tere Gesch\u00e4ftsvermittlung hat die Nichtbereitstellung keine Auswirkung, dies ist also ausdr\u00fccklich keine Voraussetzung.<\/p>\n<p>F\u00fcr die Ver\u00f6ffentlichung von Postings auf der Facebook-Seite des Unternehmens ist die Bereitstellung der personenbezogenen Daten erforderlich. Die Nichtbereitstellung h\u00e4tte zur Folge, dass das Posting nicht ver\u00f6ffentlicht werden k\u00f6nnte. Auf das T\u00e4tigwerden des Unternehmens sowie auf eine sp\u00e4tere Gesch\u00e4ftsvermittlung hat die Nichtbereitstellung keine Auswirkung, dies ist also ausdr\u00fccklich keine Voraussetzung.<\/p>\n<p>F\u00fcr die Teilnahme an Veranstaltungen und Pr\u00e4sentationen ist die Bereitstellung der personenbezogenen Daten nebst deren Aush\u00e4ndigung an die Teilnehmer und die weitere Verarbeitung der darin angegebenen Daten erforderlich. Die Nichtbereitstellung h\u00e4tte zur Folge, dass nicht teilgenommen werden k\u00f6nnte. Auf das T\u00e4tigwerden des Unternehmens sowie auf eine sp\u00e4tere Gesch\u00e4ftsvermittlung hat die Nichtbereitstellung keine Auswirkung, dies ist also ausdr\u00fccklich keine Voraussetzung.<\/p>\n<p>&nbsp;<\/p>\n<p><strong>(e) Empf\u00e4nger der Daten<\/strong><\/p>\n<p>Eine Offenlegung der personenbezogenen Daten der betroffenen Person erfolgt nicht. Davon ausgenommen sind<\/p>\n<ul>\n<li>betreffend Interessenten- und Kundendaten die Versicherungsunternehmen, die das Unternehmen vertritt (und umgekehrt die Interessenten und Kunden, was die Daten des Ansprechpartners beim Versicherungsunternehmen anlangt).<\/li>\n<li>je nach Einzelfall und Erforderlichkeit die folgenden Empf\u00e4nger:<\/li>\n<li>Rechtsvertreter, Steuerberater, Gerichte, Banken, Verwaltungsbeh\u00f6rden (insb. Finanzbeh\u00f6rden), Inkassounternehmen, allf\u00e4llige Subagenten, Bundesanstalt &#8220;Statistik \u00d6sterreich&#8221; f\u00fcr die Erstellung der gesetzlich vorgeschriebenen (amtlichen) Statistiken, die gesetzliche Sozialversicherungsanstalt.<\/li>\n<li>Beh\u00f6rden, die im Rahmen eines bestimmten Untersuchungsauftrags nach dem Unionsrecht oder nach \u00f6sterreichischem Recht m\u00f6glicherweise personenbezogene Daten erhalten;<\/li>\n<li>Auftragsverarbeiter, die die personenbezogenen Daten im Auftrag des Unternehmens verarbeiten.<\/li>\n<\/ul>\n<p>&nbsp;<\/p>\n<p>Das Unternehmen hat nicht die Absicht, die personenbezogenen Daten an ein Drittland oder an eine internationale Organisation zu \u00fcbermitteln.<\/p>\n<p>&nbsp;<\/p>\n<p><strong>(f) Aktualisierung<\/strong><\/p>\n<p>Die Aktualisierung der personenbezogenen Interessenten- und Kundendaten erfolgt in erster Linie auf der Grundlage direkter R\u00fcckmeldungen bzw. \u00c4nderungshinweisen durch die Interessierten und Kunden an das Unternehmen. Ausnahmsweise werden \u00f6ffentlich zug\u00e4ngliche Informationen (z.B. Berufs- und Branchenverzeichnisse) verwendet. Die Datenkategorien, die dabei, je nach Verf\u00fcgbarkeit, erhoben werden k\u00f6nnen, sind beispielhaft folgende: Name, Alter, Beruf, Adresse, wirtschaftlicher Status, Zahlungsverhalten.<\/p>\n<p>&nbsp;<\/p>\n<p><strong>(g) Dauer der Datenspeicherung<\/strong><\/p>\n<p>Die personenbezogenen Daten werden so lange gespeichert,<\/p>\n<ul>\n<li>bis sie f\u00fcr die Zwecke, f\u00fcr die sie erhoben oder auf sonstige Weise verarbeitet wurden, nicht mehr notwendig sind;<\/li>\n<li>im Fall einer Verarbeitung aufgrund einer Einwilligungserkl\u00e4rung solange, bis die betroffene Person ihre Einwilligung widerruft und es an einer anderen Rechtsgrundlage f\u00fcr die Verarbeitung fehlt;<\/li>\n<li>jedenfalls aber solange die Speicherung zur Erf\u00fcllung einer rechtlichen Verpflichtung (z.B. gesetzliche Aufbewahrungspflichten) oder zur Geltendmachung, Aus\u00fcbung oder Verteidigung von Rechtsanspr\u00fcchen des Unternehmens und\/oder des Lieferanten erforderlich ist.<\/li>\n<\/ul>\n<p>&nbsp;<\/p>\n<p><strong>(h) Rechte des Betroffenen<\/strong><\/p>\n<p>Die betroffene Person hat gem\u00e4\u00df Art 15 DSGVO das Recht, von dem Verantwortlichen \u2013 bei Nachweis ihrer Identit\u00e4t \u2013 eine Best\u00e4tigung dar\u00fcber zu verlangen, ob sie betreffende personenbezogene Daten verarbeitet werden. Ist dies der Fall, so hat die betroffene Person weiter ein Recht<\/p>\n<ul>\n<li>auf Auskunft \u00fcber diese personenbezogenen Daten und<\/li>\n<li>auf die in Art 15 Abs 1 DSGVO genannten Informationen wie z.B. die Kategorien personenbezogener Daten und weitere Informationen (Anmerkung: diese entsprechen den in dieser Erkl\u00e4rung enthaltenen Informationen).<\/li>\n<\/ul>\n<p>&nbsp;<\/p>\n<p>Die betroffene Person hat das Recht, von dem Verantwortlichen unverz\u00fcglich die Berichtigung sie betreffender unrichtiger personenbezogener Daten zu verlangen (Recht auf Berichtigung gem\u00e4\u00df Art 16 DSGVO).<\/p>\n<p>&nbsp;<\/p>\n<p>Die betroffene Person hat unter den Voraussetzungen des Art 17 DSGVO ein Recht auf L\u00f6schung (\u201eRecht auf Vergessenwerden\u201c) der sie betreffenden personenbezogenen Daten, beispielsweise dann,<\/p>\n<ul>\n<li>wenn die Daten f\u00fcr die Zwecke, f\u00fcr die sie erhoben oder auf sonstige Weise verarbeitet wurden, nicht mehr notwendig sind oder<\/li>\n<li>unrechtm\u00e4\u00dfig verarbeitet werden oder<\/li>\n<li>im Fall einer Verarbeitung aufgrund einer Einwilligungserkl\u00e4rung \u2013 wenn die betroffene Person ihre Einwilligung widerruft und keine andere Rechtsgrundlage f\u00fcr die Verarbeitung besteht.<\/li>\n<\/ul>\n<p>&nbsp;<\/p>\n<p>Hat das Unternehmen die personenbezogenen Daten, die gel\u00f6scht werden m\u00fcssen, \u00f6ffentlich gemacht, so besteht nach Art 21 Abs. 2 DSGVO folgende Verpflichtung:<\/p>\n<p>Unter Ber\u00fccksichtigung der verf\u00fcgbaren Technologie und der dadurch entstehenden Kosten erfolgen angemessene Ma\u00dfnahmen, um andere Verantwortliche \u00fcber die vorzunehmende L\u00f6schung zu informieren. Dies betrifft Verantwortliche, die die personenbezogenen Daten verarbeiten (also z.B. das betreffende Versicherungsunternehmen). Sie sind dar\u00fcber zu informieren, dass die betroffene Person die L\u00f6schung aller Links zu diesen personenbezogenen Daten, von Kopien und Replikationen dieser personenbezogenen Daten verlangt hat.<\/p>\n<p>&nbsp;<\/p>\n<p>Das Recht auf L\u00f6schung steht jedoch nicht zu,<\/p>\n<ul>\n<li>wenn kein Grund f\u00fcr eine L\u00f6schung besteht (also keiner der oben genannten Gr\u00fcnde zutrifft) oder<\/li>\n<li>wenn die in Art 17 Abs 3 DSGVO genannten Ausnahmen anwendbar sind, beispielsweise wenn die Verarbeitung zur Erf\u00fcllung einer rechtlichen Verpflichtung nach EU-Recht oder nach \u00f6sterreichischem Recht erforderlich ist (z.B. gesetzliche Aufbewahrungspflichten) oder zur Geltendmachung, Aus\u00fcbung oder Verteidigung von Rechtsanspr\u00fcchen.<\/li>\n<\/ul>\n<p>Die betroffene Person hat gem\u00e4\u00df Art 18 DSGVO das Recht auf Einschr\u00e4nkung der Verarbeitung, z.B.<\/p>\n<ul>\n<li>wenn die betroffene Person die Richtigkeit der verarbeiteten Daten bestreitet,<\/li>\n<li>die Verarbeitung unrechtm\u00e4\u00dfig ist oder<\/li>\n<li>zwischen dem Unternehmen und der betroffenen Person strittig ist, ob ein Recht auf L\u00f6schung besteht. In diesem Fall wird das Unternehmen die betreffenden Daten nur noch speichern, aber nicht auf sonstige Weise verarbeiten.<\/li>\n<\/ul>\n<p>&nbsp;<\/p>\n<p>Verlangt die betroffene Person die L\u00f6schung oder Einschr\u00e4nkung oder erhebt Widerspruch (dazu unten), so wird sie so bald wie m\u00f6glich \u00fcber die getroffenen Ma\u00dfnahmen bzw. \u00fcber die Gr\u00fcnde, die aus der Sicht des Unternehmens einer Umsetzung entgegen stehen, informiert.<\/p>\n<p>Die betroffene Person hat gem\u00e4\u00df Art 20 DSGVO das Recht, die sie betreffenden personenbezogenen Daten, die sie dem Unternehmen bereitgestellt hat, in einem strukturierten, g\u00e4ngigen und maschinenlesbaren Format zu erhalten. Das gilt aber nur, wenn die Verarbeitung mithilfe automatisierter Verfahren erfolgt.<\/p>\n<p>Weiter hat sie das Recht, diese Daten einem anderen Verantwortlichen zu \u00fcbermitteln. Der Verantwortliche, dem die personenbezogenen Daten bereitgestellt wurden, darf sie dabei nicht behindern (Recht auf Daten\u00fcbertragbarkeit). Sofern technisch machbar, hat sie das Recht auf direkte \u00dcbermittlung von einem Verantwortlichen zu einem anderen.<\/p>\n<p>&nbsp;<\/p>\n<p><strong>(i) Beschwerderecht bei Aufsichtsbeh\u00f6rd<\/strong><\/p>\n<p>Die betroffene Person hat das Recht auf Beschwerde bei der Datenschutzbeh\u00f6rde, wenn sie der Ansicht ist, dass die Verarbeitung der sie betreffenden personenbezogenen Daten gegen die DSGVO oder gegen \u00a7 1 oder Artikel 2 1. Hauptst\u00fcck des Datenschutzgesetzes (DSG) in der Fassung des Datenschutz-Anpassungsgesetzes 2018 verst\u00f6\u00dft.<\/p>\n<p>&nbsp;<\/p>\n<p><strong>(j) Cookies<\/strong><\/p>\n<p>Es werden keine Cookies verwendet, die pers\u00f6nliche Nutzerdaten speichern.<\/p>\n<p>&nbsp;<\/p>\n<p><strong>(k) Instagram<\/strong><\/p>\n<p>Auf unseren Seiten sind Funktionen des Dienstes Instagram eingebunden. Diese Funktionen werden angeboten durch die Instagram Inc., 1601 Willow Road, Menlo Park, CA, 94025, USA. Wenn Sie in Ihrem Instagram-Account eingeloggt sind, k\u00f6nnen Sie durch Anklicken des Instagram-Buttons die Inhalte unserer Seiten mit Ihrem Instagram-Profil verlinken. Dadurch kann Instagram den Besuch unserer Seiten Ihrem Benutzerkonto zuordnen. Wir weisen darauf hin, dass wir als Anbieter der Seiten keine Kenntnis vom Inhalt der u\u0308bermittelten Daten sowie deren Nutzung durch Instagram erhalten.<\/p>\n<p>Weitere Informationen hierzu finden Sie in der Datenschutzerkl\u00e4rung von Instagram: https:\/\/instagram.com\/about\/legal\/privacy\/<\/p>\n<p>Wenn Sie nicht w\u00fcnschen, dass Instagram den Besuch unserer Seiten Ihrem Nutzerkonto zuordnen kann, loggen Sie sich bitte aus diesem aus.<\/p>\n<p>&nbsp;<\/p>\n<p><strong>(l) Facebook<\/strong><\/p>\n<p>Unser Internetauftritt verwendet Social Plugins (&#8220;Plugins&#8221;) des sozialen Netzwerkes facebook.com, welches von der Facebook Inc., 1601 S. California Ave, Palo Alto, CA 94304, USA betrieben wird (&#8220;Facebook&#8221;). Die Plugins sind mit einem Facebook-Logo oder dem Zusatz &#8220;Facebook Social Plugin&#8221; gekennzeichnet. Wenn Sie eine Webseite unseres Internetauftritts aufrufen, die ein solches Plugin enth\u00e4lt, baut Ihr Browser eine direkte Verbindung mit den Servern von Facebook auf. Der Inhalt des Plugins wird von Facebook direkt an Ihren Browser \u00fcbermittelt und von diesem in die Webseite eingebunden. Durch die Einbindung der Plugins erh\u00e4lt Facebook die Information, dass Sie die entsprechende Seite unseres Internetauftritts aufgerufen haben. Sind Sie bei Facebook eingeloggt, kann Facebook den Besuch Ihrem Facebook-Konto zuordnen. Wenn Sie mit den Plugins interagieren, zum Beispiel den &#8220;Gef\u00e4llt mir&#8221; Button bet\u00e4tigen oder einen Kommentar abgeben, wird die entsprechende Information von Ihrem Browser direkt an Facebook \u00fcbermittelt und dort gespeichert. Zweck und Umfang der Datenerhebung und die weitere Verarbeitung und Nutzung der Daten durch Facebook sowie Ihre diesbez\u00fcglichen Rechte und Einstellungsm\u00f6glichkeiten zum Schutz Ihrer Privatssph\u00e4re entnehmen Sie bitte den Datenschutzhinweisen von Facebook. Wir weisen darauf hin, dass wir als Anbieter der Seiten keine Kenntnis vom Inhalt der \u00fcbermittelten Daten sowie deren Nutzung durch Facebook erhalten.<\/p>\n<p>Weitere Informationen hierzu finden Sie in der Datenschutzerkl\u00e4rung von Facebook unter <a href=\"https:\/\/de-de.facebook.com\/policy.php\" target=\"_blank\" rel=\"noopener noreferrer\">https:\/\/de-de.facebook.com\/policy.php<\/a>.<\/p>\n<p>Wenn Sie nicht w\u00fcnschen, dass Facebook den Besuch unserer Seiten Ihrem Nutzerkonto zuordnen kann, loggen Sie sich bitte aus diesem aus.<\/p>\n<p>&nbsp;<\/p>\n<p><strong>(m) Google+<\/strong><\/p>\n<p>Die \u201e+1\u201c-Schaltfl\u00e4che des Anbieters Google+ von Google Inc., 1600 Amphitheatre Parkway, Mountain View, CA 94043 USA, nachfolgend \u201eGoogle\u201c, ist ebenso integriert. Bei jedem Aufruf einer Webseite, die mit einer solchen \u201e+1\u201c-Anbindung versehen ist, l\u00e4dt der vom Nutzer verwendete Browser eine entsprechende Darstellung der Komponente von Google herunter. Dadurch wird Google informiert, welche konkrete Seite unserer Homepage gerade besucht wird. Laut Google wird Ihr Besuch f\u00fcr den Fall, dass Sie nicht in Ihrem Google-Konto eingeloggt sind, nicht weiter ausgewertet. Wenn Sie aber unsere Seite aufrufen und w\u00e4hrenddessen bei Google eingeloggt sind, kann Google bei Best\u00e4tigen des \u201e+1&#8243;-Buttons \u00fcber Ihren Google-Account Informationen erfassen, n\u00e4mlich \u00fcber die von Ihnen weiterempfohlene Webseite sowie Ihre IP-Adresse und andere Informationen, die sich auf Ihren Browser beziehen. Ihre \u201e+1\u201c-Empfehlung kann dann gespeichert und \u00f6ffentlich zug\u00e4nglich gemacht werden. Die Empfehlung samt Ihrem Account und mit Ihrem bei Google eventuell hinterlegten Foto kann dann in Diensten von Google, wie etwa in Suchergebnissen oder in Ihrem Google-Konto oder auf Webseiten und Anzeigen im Internet angezeigt werden. Ihr Besuch auf unserer Seite kann auch mit Ihren bei Google gespeicherten Daten verkn\u00fcpft werden. Wollen Sie dies verhindern, m\u00fcssten Sie sich vor dem Besuch unseres Internetauftrittes von Ihrem Google-Konto abmelden.<\/p>\n<p>Weitere Informationen dazu unter <a href=\"https:\/\/www.google.com\/intl\/de\/+\/policy\/+1button.html\" target=\"_blank\" rel=\"noopener noreferrer\">https:\/\/www.google.com\/intl\/de\/+\/policy\/+1button.html<\/a><\/p>\n<p>&nbsp;<\/p>\n<hr \/>\n<p>&nbsp;<\/p>\n<p><strong>Gesonderte Aufkl\u00e4rung nach Art 21 Abs. 4 DSGVO:<\/strong><\/p>\n<p>Soweit die Verarbeitung auf das berechtigte Interesse des Unternehmens gest\u00fctzt wird, steht der betroffenen Person das Recht auf Widerspruch nach Art 21 Abs. 1 DSGVO zu. Das gilt aber nur falls daf\u00fcr Gr\u00fcnde vorliegen, die sich aus ihrer besonderen Situation ergeben. Nicht ausreichend w\u00e4re es, wenn die betroffene Person generell keine Speicherung und sonstige Verarbeitung w\u00fcnscht. Vielmehr muss sie pers\u00f6nliche Gr\u00fcnde darlegen, weshalb ihr \u2013 anders als anderen Kunden und Nutzern \u2013 die (weitere) Verarbeitung von Daten \u00fcber ihre Person unzumutbar ist. Wird dies dargelegt, ist eine weitere Verarbeitung der personenbezogenen Daten nur in zwei F\u00e4llen zul\u00e4ssig:<\/p>\n<ul>\n<li>das Unternehmen weist zwingende schutzw\u00fcrdige Gr\u00fcnde f\u00fcr die Verarbeitung nach, die die Interessen, Rechte und Freiheiten der betroffenen Person \u00fcberwiegen, oder<\/li>\n<li>die Verarbeitung dient der Geltendmachung, Aus\u00fcbung oder Verteidigung von Rechtsanspr\u00fcchen.<\/li>\n<\/ul>\n<p>Die betroffene Person hat zudem gem\u00e4\u00df Art 21 Abs 2 DSGVO jedenfalls das Recht, Widerspruch gegen die Verarbeitung sie betreffender personenbezogener Daten zum Zweck der Direktwerbung einzulegen. Die betroffene Person kann auch nur der Verarbeitung einzelner Kategorien sie betreffender Daten widersprechen, z.B. der Verwendung ihrer Emailadresse f\u00fcr Werbezwecke.<\/p>\n","protected":false},"excerpt":{"rendered":"<p>Datenschutzerkl\u00e4rung Datenschutz In dieser Datenschutzerkl\u00e4rung finden Sie Informationen \u00fcber die Art, den Umfang und die Zwecke der Datenverarbeitung (vgl. Art 13, 14 und 21 der Datenschutz-Grundverordnung [EU] 2016\/679 [DSGVO]). Dies betrifft personenbezogene Daten der Besucher, Nutzer, Interessenten, Kunden und Vertragspartner von Convencio Group KG, Unterauerstra\u00dfe 1, 3370 Ybbs \/ Donau einschlie\u00dflich den von der Versicherungsagentur&hellip;<\/p>\n","protected":false},"author":1,"featured_media":0,"parent":0,"menu_order":3,"comment_status":"closed","ping_status":"closed","template":"","meta":[],"_links":{"self":[{"href":"https:\/\/www.convencio.at\/wordpress\/wp-json\/wp\/v2\/pages\/469"}],"collection":[{"href":"https:\/\/www.convencio.at\/wordpress\/wp-json\/wp\/v2\/pages"}],"about":[{"href":"https:\/\/www.convencio.at\/wordpress\/wp-json\/wp\/v2\/types\/page"}],"author":[{"embeddable":true,"href":"https:\/\/www.convencio.at\/wordpress\/wp-json\/wp\/v2\/users\/1"}],"replies":[{"embeddable":true,"href":"https:\/\/www.convencio.at\/wordpress\/wp-json\/wp\/v2\/comments?post=469"}],"version-history":[{"count":0,"href":"https:\/\/www.convencio.at\/wordpress\/wp-json\/wp\/v2\/pages\/469\/revisions"}],"wp:attachment":[{"href":"https:\/\/www.convencio.at\/wordpress\/wp-json\/wp\/v2\/media?parent=469"}],"curies":[{"name":"wp","href":"https:\/\/api.w.org\/{rel}","templated":true}]}}